{"id":180,"date":"2016-05-29T14:34:30","date_gmt":"2016-05-29T14:34:30","guid":{"rendered":"http:\/\/keinesweibesknecht.de\/?page_id=180"},"modified":"2023-02-20T14:50:33","modified_gmt":"2023-02-20T14:50:33","slug":"termine-2016","status":"publish","type":"page","link":"https:\/\/keinesweibesknecht.de\/?page_id=180","title":{"rendered":"Termine"},"content":{"rendered":"<p><img data-attachment-id=\"1988\" data-permalink=\"https:\/\/keinesweibesknecht.de\/?attachment_id=1988\" data-orig-file=\"https:\/\/keinesweibesknecht.de\/wp-content\/uploads\/2021\/06\/Header-KWK-neua4.png\" data-orig-size=\"1280,550\" data-comments-opened=\"1\" data-image-meta=\"{&quot;aperture&quot;:&quot;0&quot;,&quot;credit&quot;:&quot;&quot;,&quot;camera&quot;:&quot;&quot;,&quot;caption&quot;:&quot;&quot;,&quot;created_timestamp&quot;:&quot;0&quot;,&quot;copyright&quot;:&quot;&quot;,&quot;focal_length&quot;:&quot;0&quot;,&quot;iso&quot;:&quot;0&quot;,&quot;shutter_speed&quot;:&quot;0&quot;,&quot;title&quot;:&quot;&quot;,&quot;orientation&quot;:&quot;0&quot;}\" data-image-title=\"Header-KWK-neua4\" data-image-description=\"\" data-image-caption=\"\" data-medium-file=\"https:\/\/keinesweibesknecht.de\/wp-content\/uploads\/2021\/06\/Header-KWK-neua4-300x129.png\" data-large-file=\"https:\/\/keinesweibesknecht.de\/wp-content\/uploads\/2021\/06\/Header-KWK-neua4-845x363.png\" decoding=\"async\" loading=\"lazy\" class=\"aligncenter size-full wp-image-1988\" src=\"https:\/\/keinesweibesknecht.de\/wp-content\/uploads\/2021\/06\/Header-KWK-neua4.png\" alt=\"\" width=\"1280\" height=\"550\" srcset=\"https:\/\/keinesweibesknecht.de\/wp-content\/uploads\/2021\/06\/Header-KWK-neua4.png 1280w, https:\/\/keinesweibesknecht.de\/wp-content\/uploads\/2021\/06\/Header-KWK-neua4-300x129.png 300w, https:\/\/keinesweibesknecht.de\/wp-content\/uploads\/2021\/06\/Header-KWK-neua4-845x363.png 845w\" sizes=\"(max-width: 1280px) 100vw, 1280px\" \/><\/p>\n<h1 style=\"text-align: justify;\"><strong>Unser Tourplan<\/strong><\/h1>\n<p>&nbsp;<\/p>\n<h2><strong>2023 &#8211; Vorschau<\/strong><\/h2>\n<p>So leid es uns tut, nicht alle Termine werden wir schaffen k\u00f6nnen, aber ich wollte sie erw\u00e4hnt haben, bzw. nicht an allen Terminen sind alle dabei &#8230;<\/p>\n<ul>\n<li><strong>Fr\u00fchlingsfest Geschichtserlebnisraum Roter Hahn e.V. &#8211; L\u00fcbeck<br \/>\n<\/strong><em>29. April<\/em><strong><br \/>\n<\/strong><\/li>\n<li><strong>Fr\u00fchmittelaltertage \/ Eisenwald &#8211; Geschichtserlebnisraum Roter Hahn e.V. &#8211; L\u00fcbeck<br \/>\n<\/strong><em>12. bis 14. Mai<\/em><\/li>\n<li><strong>Sturm auf Zons<br \/>\n<\/strong><em>13. und 14. Mai<\/em><strong><br \/>\n<\/strong><\/li>\n<li><strong>Museumsfest &#8211; Hansemuseum L\u00fcbeck<\/strong><br \/>\n<em>21. Mai<\/em><\/li>\n<li><strong>L\u00fctjenburg<\/strong><br \/>\n<em>27. und 28. Mai<\/em><\/li>\n<li><strong>Holm-Seppensen<\/strong><br \/>\n<em>17. und 18. Juni<\/em><\/li>\n<li><strong>Zeitinseln D\u00f6rverden<\/strong><br \/>\n<em>17. und 18. Juni<\/em><\/li>\n<li><strong>Dom zu L\u00fcbeck<\/strong><br \/>\n<em>1. und 2. Juli<\/em><\/li>\n<li><strong>Soester Fehde<br \/>\n<\/strong><em>4. bis 6. August<\/em><strong><br \/>\n<\/strong><\/li>\n<li><strong>Sommerfest Geschichtserlebnisraum Roter Hahn e.V. &#8211; L\u00fcbeck<\/strong><br \/>\n<em>19. und 20. Aug<\/em><\/li>\n<li><strong>Museumsnacht &#8211; Hansemuseum L\u00fcbeck<\/strong><br \/>\n<em>26. August<\/em><\/li>\n<li><strong>Landsknecht Hurra<br \/>\n<\/strong><em>31. August bis 3. September<\/em><strong><br \/>\n<\/strong><\/li>\n<li><strong>Tag des Denkmals &#8211; Zeitreise im Museum Nienburg<br \/>\n<\/strong><em>9. und 10. September<\/em><strong><br \/>\n<\/strong><\/li>\n<li><strong>Reenactor-Messe Minden<\/strong><br \/>\n<em>Oktober<\/em><\/li>\n<\/ul>\n<p>&nbsp;<\/p>\n<h2><strong>2022 &#8211; Termine werden nachgepflegt<\/strong><\/h2>\n<p>&nbsp;<\/p>\n<h2 style=\"text-align: justify;\"><strong>2021 &#8211; Es geht wieder los!<br \/>\n<\/strong><\/h2>\n<ul>\n<li><strong>Belebung Sniershus<\/strong> &#8211; Holm-Seppensen<br \/>\n<em>22.7. bis 26.7.<\/em><\/li>\n<li><strong>Keines Weibes Knecht Treffen<\/strong> &#8211; Oerel<br \/>\n<em>6.8. bis 8.8.<\/em><\/li>\n<li><strong>Kanonierstreffen<\/strong> &#8211; Geschichtserlebnishof Roter Hahn e.V.<br \/>\n<em>9.8. bis 10.8.<\/em><\/li>\n<li><strong>Tag des Denkmals<\/strong> &#8211; Museum Nienburg<br \/>\n<em>11.9. bis 12.9.<\/em><\/li>\n<li><del><strong>Reenactor-Messe<\/strong> &#8211; Minden <\/del> <em>abgesagt \ud83d\ude41<\/em><br \/>\n<em>2.10. bis 3.10.<\/em><\/li>\n<li><strong>Erntedankfest im Kloster<\/strong> &#8211; Geschichtserlebnishof Roten Hahn e.V.<br \/>\n<em>2.10. bis 3.10.<\/em><\/li>\n<\/ul>\n<p><em>Weitere Termine werden noch folgen &#8230;<\/em><\/p>\n<p>&nbsp;<\/p>\n<p><span style=\"color: #000000;\"><b>2020 &#8211; Die ersten Termine<\/b>, wir planen noch &#8230;<\/span><\/p>\n<ul>\n<li><span style=\"color: #000000;\">Museumsfest im Hansemuseum L\u00fcbeck<\/span><br \/>\n<span style=\"color: #000000;\"><em>17.5.<\/em><\/span><\/li>\n<li><span style=\"color: #000000;\">Sturm auf Zons<\/span><br \/>\n<span style=\"color: #000000;\"><em>23.5. bis 24.5.<\/em><\/span><\/li>\n<li><span style=\"color: #000000;\">Hanse Kulturfestival in L\u00fcbeck<\/span><br \/>\n<span style=\"color: #000000;\"><em>12.6. bis 14.6.<\/em><\/span><\/li>\n<li><span style=\"color: #000000;\">Sommerfest &#8211; Erlebnishof Roter Hahn e.V.<\/span><br \/>\n<span style=\"color: #000000;\"><em>15.8. bis 16.8.<\/em><\/span><\/li>\n<li><span style=\"color: #000000;\">Museumsnacht im Hansemuseum L\u00fcbeck<\/span><br \/>\n<span style=\"color: #000000;\"><em>29.8.<\/em><\/span><\/li>\n<li><span style=\"color: #000000;\">Tag des offenen Denkmals &#8211; Museum Nienburg<\/span><br \/>\n<span style=\"color: #000000;\"><em>12.9. bis 13.9.<\/em><\/span><\/li>\n<li><span style=\"color: #000000;\">Reenactormesse &#8211; Minden<\/span><br \/>\n<span style=\"color: #000000;\"><em>Anfang Oktober<\/em><\/span><\/li>\n<\/ul>\n<p><span style=\"color: #000000;\">Optionale Termine:<\/span><\/p>\n<ul>\n<li><span style=\"color: #000000;\">Kulturwochenende im Geschichtserlebnishof Roter Hahn e.V.<\/span><br \/>\n<span style=\"color: #000000;\"><em>immer letztes WE in Monat<\/em><\/span><\/li>\n<\/ul>\n<p>&nbsp;<\/p>\n<p><span style=\"color: #000000;\">F\u00fcr weitere Terminvorschl\u00e4ge sind wir offen &#8230;<\/span><\/p>\n<p><span style=\"color: #000000;\"><strong>2019 &#8211; Der grobe Plan<\/strong> (noch alles ohne Gew\u00e4hr):<\/span><\/p>\n<ul>\n<li><span style=\"color: #000000;\">Internationales Hansemuseum, L\u00fcbeck<\/span><br \/>\n<span style=\"color: #000000;\"><em>19. Mai<\/em><\/span><\/li>\n<li><span style=\"color: #000000;\">Sturm auf Zons<\/span><br \/>\n<span style=\"color: #000000;\"><em>25. und 26. Mai<\/em><\/span><\/li>\n<li><span style=\"color: #000000;\">Gott erbarme es &#8211; Museum Nienburg<\/span><br \/>\n<span style=\"color: #000000;\"><em>2. Juni<\/em><\/span><\/li>\n<li><span style=\"color: #000000;\">Fogelvrei in Rotenburg oder 10 Jahre KWK<\/span><br \/>\n<span style=\"color: #000000;\"><em>8<\/em>. <em>bis<\/em> <em>10<\/em>. <em>Juni (Pfingsten)<\/em><\/span><\/li>\n<li><span style=\"color: #000000;\">Soester Fehde<\/span><br \/>\n<span style=\"color: #000000;\"><em>2. bis 4. August<\/em><\/span><\/li>\n<li><span style=\"color: #000000;\">Mittelalterliches Sommerfest &#8211; Erlebnishof Roter Hahn e.V.<\/span><br \/>\n<span style=\"color: #000000;\"><em>17. und 18. August<\/em><\/span><\/li>\n<li><span style=\"color: #000000;\">Mittelalter in Kutenholz &#8211; In welchem Umfang wir daran teilnehmen ist noch ungewiss &#8230;<\/span><br \/>\n<span style=\"color: #000000;\"><em>24. und 25. August<\/em><\/span><\/li>\n<li><span style=\"color: #000000;\">Feuerwaffen im Mittelalter &#8211; Dithmarscher Landesmuseum<\/span><br \/>\n<span style=\"color: #000000;\"><em>31. August<\/em><\/span><\/li>\n<li><span style=\"color: #000000;\">Tag des offenen Denkmals &#8211; Museum Nienburg<\/span><br \/>\n<span style=\"color: #000000;\"><em>7. und 8. September<\/em><\/span><\/li>\n<li><span style=\"color: #000000;\">Military Museum Fallingbostel<\/span><\/li>\n<li><span style=\"color: #000000;\">Reenactor-Messe Minden<\/span><br \/>\n<span style=\"color: #000000;\"><em>Anfang Oktober<\/em><\/span><\/li>\n<\/ul>\n<p>&nbsp;<\/p>\n<p><span style=\"color: #000000;\"><strong>2018 &#8211; Wir kommen &#8230;<\/strong><\/span><\/p>\n<ul>\n<li><span style=\"color: #000000;\">Arsch abfrieren in der Turmh\u00fcgelburg L\u00fctjenburg musste bei uns leider ausfallen \ud83d\ude41<\/span><br \/>\n<span style=\"color: #000000;\"><em>16. bis 18. M\u00e4rz<\/em><\/span><\/li>\n<li><span style=\"color: #000000;\">Internationaler Museumstag &#8211; Hansemuseum L\u00fcbeck<\/span><br \/>\n<span style=\"color: #000000;\"><em>13. Mai<\/em><\/span><\/li>\n<li><span style=\"color: #000000;\">Sturm auf Zons<\/span><br \/>\n<span style=\"color: #000000;\"><em>26. und 27. Mai<\/em><\/span><\/li>\n<li><span style=\"color: #000000;\">Belebung &#8211; Mittelalterhaus in Nienover<\/span><br \/>\n<span style=\"color: #000000;\"><em>9. und 10. Juni<\/em><\/span><\/li>\n<li><span style=\"color: #000000;\">&#8222;Minden erleben&#8220; &#8211; leider krank \ud83d\ude41<\/span><br \/>\n<span style=\"color: #000000;\"><em>16. und 17. Juni<\/em><\/span><\/li>\n<li><span style=\"color: #000000;\">Mittelalterey &#8211;\u00a0Turmh\u00fcgelburg L\u00fctjenburg<\/span><br \/>\n<span style=\"color: #000000;\"><em>7. und 8. Juli<\/em><\/span><\/li>\n<li><span style=\"color: #000000;\">Markt beim Th\u00f6lkes H\u00fcs, H\u00f6perh\u00f6fen<\/span><br \/>\n<span style=\"color: #000000;\"><em>13. bis 15. Juli<\/em><\/span><\/li>\n<li><span style=\"color: #000000;\">Aufbruch &#8211;\u00a0Turmh\u00fcgelburg L\u00fctjenburg<\/span><br \/>\n<span style=\"color: #000000;\"><em>1. und 2. SeptemB\u00c4R<\/em><\/span><\/li>\n<li><span style=\"color: #000000;\">Tag des offenen Denkmals &#8211; Nienburg<\/span><br \/>\n<span style=\"color: #000000;\">8. und 9. Septenber<\/span><\/li>\n<li><span style=\"color: #000000;\">Reenactor-Messe &#8211; Minden<\/span><br \/>\n<span style=\"color: #000000;\"><em>OktoB\u00c4R<\/em><\/span><\/li>\n<\/ul>\n<p>&nbsp;<\/p>\n<p><span style=\"color: #000000;\"><strong>2017 &#8211; Alle Angaben ohne Gew\u00e4hr <\/strong>(daf\u00fcr mit Armbrust)<\/span><\/p>\n<ul>\n<li><span style=\"color: #000000;\">Maria annunciation &#8211;\u00a0Turmh\u00fcgelburg L\u00fctjenburg<\/span><br \/>\n<span style=\"color: #000000;\"><em>17. bis 19. M\u00e4rz<\/em><\/span><\/li>\n<li><span style=\"color: #000000;\">Belebung &#8211; Mittelalterhaus in Nienover<\/span><br \/>\n<span style=\"color: #000000;\"><em>12. bis 14. Mai<\/em><\/span><\/li>\n<li><span style=\"color: #000000;\">Mittelalterey &#8211;\u00a0Turmh\u00fcgelburg L\u00fctjenburg<\/span><br \/>\n<span style=\"color: #000000;\"><em>8. und 9. Juni<\/em><\/span><\/li>\n<li><span style=\"color: #000000;\">Soester Fehde &#8211; Soest<\/span><br \/>\n<span style=\"color: #000000;\"><em>28. bis 30. Juli<\/em><\/span><\/li>\n<li><span style=\"color: #000000;\">Mittelalterliches Treiben zu Urla<\/span><br \/>\n<span style=\"color: #000000;\"><em>11. bis 13. August<\/em><\/span><\/li>\n<li><span style=\"color: #000000;\">Aufbruch &#8211;\u00a0Turmh\u00fcgelburg L\u00fctjenburg<\/span><br \/>\n<span style=\"color: #000000;\"><em>2. und 3. SeptemB\u00c4R<\/em><\/span><\/li>\n<li><span style=\"color: #000000;\">Museum Nienburg<\/span><br \/>\n<span style=\"color: #000000;\"><em>9. und 10. SeptemB\u00c4R<\/em><\/span><\/li>\n<li><span style=\"color: #000000;\">Blidenfest Beckdorf<\/span><br \/>\n<span style=\"color: #000000;\"><em>23. und 24. SeptemB\u00c4R<\/em><\/span><\/li>\n<li><span style=\"color: #000000;\">Reenactor-Messe &#8211; Minden<\/span><br \/>\n<span style=\"color: #000000;\"><em>OktoB\u00c4R<\/em><\/span><\/li>\n<\/ul>\n<p>&nbsp;<\/p>\n<p><span style=\"color: #000000;\"><strong>2016<\/strong><\/span><\/p>\n<ul>\n<li><span style=\"color: #000000;\">Sp\u00e4tmittelalter im Norden &#8211; Turmh\u00fcgelburg L\u00fctjenburg\u00a0<strong><br \/>\n<\/strong><em>als es noch arschkalt war<\/em><\/span><\/li>\n<li><span style=\"color: #000000;\">Pfingstspektakel &#8211; Rotenburg W\u00fcmme<strong><br \/>\n<\/strong><em>Pfingsten<\/em><\/span><\/li>\n<li><span style=\"color: #000000;\">Internationaler Museumstag &#8211; Turmh\u00fcgelburg L\u00fctjenburg\u00a0<strong><br \/>\n<\/strong><em>22. Mai<\/em><\/span><\/li>\n<li><span style=\"color: #000000;\">Sp\u00e4tmittelalter im Norden &#8211;\u00a0Turmh\u00fcgelburg L\u00fctjenburg<\/span><br \/>\n<span style=\"color: #000000;\"><em>17. bis 19. Juni<\/em><\/span><\/li>\n<li><span style=\"color: #000000;\">Mittelalterey &#8211;\u00a0Turmh\u00fcgelburg L\u00fctjenburg<\/span><br \/>\n<span style=\"color: #000000;\"><em>9. und 10. Juli<\/em><\/span><\/li>\n<li><span style=\"color: #000000;\">Red Lion Challange &#8211; Luxemburg<\/span><br \/>\n<span style=\"color: #000000;\"><em>23. und 24. Juli<\/em><\/span><\/li>\n<li><span style=\"color: #000000;\">Mittelalterliches Treiben zu Urla &#8211; Ohrel<\/span><br \/>\n<span style=\"color: #000000;\"><em>13. und 14. August<\/em><\/span><\/li>\n<li><span style=\"color: #000000;\">Aufbruch &#8211;\u00a0Turmh\u00fcgelburg L\u00fctjenburg<\/span><br \/>\n<span style=\"color: #000000;\"><em>3. und 4. September<\/em><\/span><\/li>\n<li><span style=\"color: #000000;\">Reenactor-Messe &#8211; Minden<\/span><br \/>\n<span style=\"color: #000000;\"><em>1. bis 3. Oktober<\/em><\/span><\/li>\n<li><span style=\"color: #000000;\">Sp\u00e4tmittelalter im Norden &#8211;\u00a0Turmh\u00fcgelburg L\u00fctjenburg<\/span><br \/>\n<span style=\"color: #000000;\"><em>28. bis 30. Oktober &#8211; Teilnahme ungewiss<\/em><\/span><\/li>\n<\/ul>\n<p>&nbsp;<\/p>\n","protected":false},"excerpt":{"rendered":"<p>Unser Tourplan &nbsp; 2023 &#8211; Vorschau So leid es uns tut, nicht alle Termine werden wir schaffen k\u00f6nnen, aber ich wollte sie erw\u00e4hnt haben, bzw. nicht an allen Terminen sind alle dabei &#8230; Fr\u00fchlingsfest Geschichtserlebnisraum Roter Hahn e.V. &#8211; L\u00fcbeck 29. April Fr\u00fchmittelaltertage \/ Eisenwald &#8211; Geschichtserlebnisraum Roter Hahn e.V. &#8211; L\u00fcbeck 12. bis 14. [&hellip;]<\/p>\n","protected":false},"author":1,"featured_media":1553,"parent":0,"menu_order":0,"comment_status":"closed","ping_status":"closed","template":"","meta":{"ocean_post_layout":"","ocean_both_sidebars_style":"","ocean_both_sidebars_content_width":0,"ocean_both_sidebars_sidebars_width":0,"ocean_sidebar":"0","ocean_second_sidebar":"0","ocean_disable_margins":"on","ocean_add_body_class":"","ocean_shortcode_before_top_bar":"","ocean_shortcode_after_top_bar":"","ocean_shortcode_before_header":"","ocean_shortcode_after_header":"","ocean_has_shortcode":"","ocean_shortcode_after_title":"","ocean_shortcode_before_footer_widgets":"","ocean_shortcode_after_footer_widgets":"","ocean_shortcode_before_footer_bottom":"","ocean_shortcode_after_footer_bottom":"","ocean_display_top_bar":"default","ocean_display_header":"default","ocean_header_style":"transparent","ocean_center_header_left_menu":"0","ocean_custom_header_template":"0","ocean_custom_logo":0,"ocean_custom_retina_logo":0,"ocean_custom_logo_max_width":0,"ocean_custom_logo_tablet_max_width":0,"ocean_custom_logo_mobile_max_width":0,"ocean_custom_logo_max_height":0,"ocean_custom_logo_tablet_max_height":0,"ocean_custom_logo_mobile_max_height":0,"ocean_header_custom_menu":"0","ocean_menu_typo_font_family":"0","ocean_menu_typo_font_subset":"","ocean_menu_typo_font_size":0,"ocean_menu_typo_font_size_tablet":0,"ocean_menu_typo_font_size_mobile":0,"ocean_menu_typo_font_size_unit":"px","ocean_menu_typo_font_weight":"","ocean_menu_typo_font_weight_tablet":"","ocean_menu_typo_font_weight_mobile":"","ocean_menu_typo_transform":"","ocean_menu_typo_transform_tablet":"","ocean_menu_typo_transform_mobile":"","ocean_menu_typo_line_height":0,"ocean_menu_typo_line_height_tablet":0,"ocean_menu_typo_line_height_mobile":0,"ocean_menu_typo_line_height_unit":"","ocean_menu_typo_spacing":0,"ocean_menu_typo_spacing_tablet":0,"ocean_menu_typo_spacing_mobile":0,"ocean_menu_typo_spacing_unit":"","ocean_menu_link_color":"","ocean_menu_link_color_hover":"","ocean_menu_link_color_active":"","ocean_menu_link_background":"","ocean_menu_link_hover_background":"","ocean_menu_link_active_background":"","ocean_menu_social_links_bg":"","ocean_menu_social_hover_links_bg":"","ocean_menu_social_links_color":"","ocean_menu_social_hover_links_color":"","ocean_disable_title":"default","ocean_disable_heading":"default","ocean_post_title":"","ocean_post_subheading":"","ocean_post_title_style":"","ocean_post_title_background_color":"","ocean_post_title_background":0,"ocean_post_title_bg_image_position":"","ocean_post_title_bg_image_attachment":"","ocean_post_title_bg_image_repeat":"","ocean_post_title_bg_image_size":"","ocean_post_title_height":0,"ocean_post_title_bg_overlay":0.5,"ocean_post_title_bg_overlay_color":"","ocean_disable_breadcrumbs":"default","ocean_breadcrumbs_color":"","ocean_breadcrumbs_separator_color":"","ocean_breadcrumbs_links_color":"","ocean_breadcrumbs_links_hover_color":"","ocean_display_footer_widgets":"default","ocean_display_footer_bottom":"default","ocean_custom_footer_template":"0","jetpack_post_was_ever_published":false},"jetpack_sharing_enabled":false,"jetpack_shortlink":"https:\/\/wp.me\/P7AkNx-2U","jetpack_likes_enabled":false,"_links":{"self":[{"href":"https:\/\/keinesweibesknecht.de\/index.php?rest_route=\/wp\/v2\/pages\/180"}],"collection":[{"href":"https:\/\/keinesweibesknecht.de\/index.php?rest_route=\/wp\/v2\/pages"}],"about":[{"href":"https:\/\/keinesweibesknecht.de\/index.php?rest_route=\/wp\/v2\/types\/page"}],"author":[{"embeddable":true,"href":"https:\/\/keinesweibesknecht.de\/index.php?rest_route=\/wp\/v2\/users\/1"}],"replies":[{"embeddable":true,"href":"https:\/\/keinesweibesknecht.de\/index.php?rest_route=%2Fwp%2Fv2%2Fcomments&post=180"}],"version-history":[{"count":77,"href":"https:\/\/keinesweibesknecht.de\/index.php?rest_route=\/wp\/v2\/pages\/180\/revisions"}],"predecessor-version":[{"id":2322,"href":"https:\/\/keinesweibesknecht.de\/index.php?rest_route=\/wp\/v2\/pages\/180\/revisions\/2322"}],"wp:featuredmedia":[{"embeddable":true,"href":"https:\/\/keinesweibesknecht.de\/index.php?rest_route=\/wp\/v2\/media\/1553"}],"wp:attachment":[{"href":"https:\/\/keinesweibesknecht.de\/index.php?rest_route=%2Fwp%2Fv2%2Fmedia&parent=180"}],"curies":[{"name":"wp","href":"https:\/\/api.w.org\/{rel}","templated":true}]}}